{"id":2776,"date":"2020-09-03T09:14:14","date_gmt":"2020-09-03T07:14:14","guid":{"rendered":"https:\/\/comein.nrw\/portal\/?page_id=2776"},"modified":"2023-05-03T11:54:01","modified_gmt":"2023-05-03T09:54:01","slug":"qlb2020","status":"publish","type":"page","link":"https:\/\/comein.nrw\/portal\/veranstaltungen\/qlb2020\/","title":{"rendered":"Qualit\u00e4tsoffensive Lehrerbildung &#8211; Digitales Austauschformat (11\/2020)"},"content":{"rendered":"<!--themify_builder_content-->\n<div id=\"themify_builder_content-2776\" data-postid=\"2776\" class=\"themify_builder_content themify_builder_content-2776 themify_builder tf_clear\">\n    \t<!-- module_row -->\n\t<div  data-css_id=\"mde8511\" data-lazy=\"1\" class=\"module_row themify_builder_row fullwidth tb_mde8511 tb_first tf_clearfix\" >\n\t    \t\t<div class=\"row_inner col_align_top col-count-1 tf_box tf_w tf_rel\">\n\t\t\t<div  data-lazy=\"1\" class=\"module_column tb-column col-full first tb_dpn2512 tf_box\">\n\t\t\t    \t        <div class=\"tb-column-inner tf_box tf_w\">\n\t\t    <!-- module text -->\n<div  class=\"module module-text tb_x6hu513  repeat \" data-lazy=\"1\">\n        <div  class=\"tb_text_wrap\">\n    <p style=\"text-align: center;\">Die Veranstaltung hat bereits stattgefunden. Die Thementische wurden durchgef\u00fchrt und sind erfolgreich beendet worden. Eine Teilnahme ist nicht mehr m\u00f6glich.\u00a0<\/p>    <\/div>\n<\/div>\n<!-- \/module text -->\t        <\/div>\n\t    \t<\/div>\n\t\t    <\/div>\n\t    <!-- \/row_inner -->\n\t<\/div>\n\t<!-- \/module_row -->\n\t\t<!-- module_row -->\n\t<div  data-css_id=\"7wa7412\" data-lazy=\"1\" class=\"module_row themify_builder_row fullwidth tb_7wa7412 tf_clearfix\" >\n\t    \t\t<div class=\"row_inner col_align_top col-count-2 tf_box tf_w tf_rel\"  data-basecol=\"2\" data-col_tablet=\"column-full\" data-col_tablet_landscape=\"column-full\" data-col_mobile=\"column-full\">\n\t\t\t<div  data-lazy=\"1\" style=\"width: 75%\" class=\"module_column tb-column col4-3 first tb_s914412 tf_box\">\n\t\t\t    \t        <div class=\"tb-column-inner tf_box tf_w\">\n\t\t    <!-- module text -->\n<div  class=\"module module-text tb_2mnt608   \" data-lazy=\"1\">\n        <div  class=\"tb_text_wrap\">\n    <h1><span style=\"color: #000000;\">Mehrebenenprojekte von Anfang an?<\/span><\/h1>\n<p>Herausforderungen der phasen- und disziplinen\u00fcbergreifenden Abstimmung<\/p>\n<p>Das Verbundprojekt \u201eCommunities of Practice NRW &#8211; f\u00fcr eine Innovative Lehrerbildung\u201c (Com<sup>e<\/sup>In) umfasst <em>alle<\/em> zw\u00f6lf lehrerbildenden Hochschulen des Landes Nordrhein-Westfalen und kooperiert mit den \u00f6ffentlichen Institutionen der Lehreraus- und -fortbildung. Ziel ist die F\u00f6rderung digitalisierungsbezogener Kompetenzen <em>in allen drei Phasen<\/em> der Lehrerbildung. Ergebnisse des 2020 gestarteten Projektes liegen noch nicht vor, aber die Verbundarchitektur greift allgemeine Herausforderungen f\u00fcr QLb-Projekte f\u00fcr Dialog, Kommunikation, Vernetzung und Kooperation auf.\u00a0<\/p>\n<p>Diese werden nach einer gemeinsamen Einf\u00fchrung an f\u00fcnf \u201edigitalen\u201c Thementischen er\u00f6rtert:<\/p>\n<ol>\n<li>Das Mapping von divergenten <a href=\"https:\/\/comein.nrw\/portal\/orientierungsrahmen-in-komplexen-mehrebensystemen\/\">Orientierungsrahmen in komplexen Mehrebenensystemen<\/a> <br>(<strong>Dr. David Tobinski<\/strong>, Universit\u00e4t Duisburg Essen, AG-Imedibi des Projektes Com<sup>e<\/sup>in)<\/li>\n<li>Zwischen Lerngemeinschaften und Informationsaustausch: <a href=\"https:\/\/comein.nrw\/portal\/vernetzung\/\">Vernetzung<\/a> zwischen Hochschulen, Landesministerien und weiteren Aus-und Fortbildungsinstitutionen <br>(<strong>Prof. Dr. Bardo Herzig <\/strong>Universit\u00e4t Paderborn, AG-KoWiPra des Projektes Com<sup>e<\/sup>in)<\/li>\n<li>Verkn\u00fcpfung von QLB-Projekten mit \u00fcbergreifenden <a href=\"https:\/\/comein.nrw\/portal\/strategien-der-hochschulentwicklung\/\">Strategien der Hochschulentwicklung<\/a> am Beispiel der Digitalisierungsstrategien (<strong>Dr. Simon G\u00f6rtz<\/strong>, Universit\u00e4t Wuppertal, AG-KoWiPra des Projektes Com<sup>e<\/sup>in)<\/li>\n<li>Innovative Lehrer*innenbildung in einem Mehrebenensystem entwickeln \u2013 Ein erster Einblick in die Arbeit der Community of Practice <a href=\"https:\/\/comein.nrw\/portal\/medienbezogene-schulentwicklung\/\">Medienbezogene Schulentwicklung<\/a> (<strong>Johanna Schulze<\/strong>, Universit\u00e4t Paderborn, Community of Practice des Projektes Com<sup>e<\/sup>in)<\/li>\n<li><a href=\"https:\/\/comein.nrw\/portal\/qualitaetsmanagement-in-komplexen-mehrebenensystemen\/\">Qualit\u00e4tsmanagement in komplexen Mehrebenensystemen<\/a>\u00a0 mit sukzessive erweiterten Zielhorizonten (<strong>Prof. Dr. Heike Buhl<\/strong>, Universit\u00e4t Paderborn, Qualit\u00e4tsmanagement des Projektes Com<sup>e<\/sup>in)<\/li>\n<\/ol>\n<p>Im Anschluss werden Ma\u00dfnahmen er\u00f6rtert, wie die Beteiligten im Rahmen der QLB im fortlaufenden Austausch \u00fcber diese Fragen bleiben k\u00f6nnten. Die Einf\u00fchrungs- und Abschlussrunde erfolgt unter Beteiligung von <strong>Ulrich Janzen<\/strong>, Qualit\u00e4ts- und Unterst\u00fctzungsAgentur \u2013 Landesinstitut f\u00fcr Schule (QUA-LiS); <strong>MR Bernd M\u00fcller<\/strong>, Lehrerfortbildung und Qualifizierung im Schulwesen im Ministerium f\u00fcr Schule und Bildung des Landes Nordrhein-Westfalen; <strong>Ingo Schaub<\/strong>, Direktor des Zentrums f\u00fcr schulpraktische Lehrerausbildung K\u00f6ln.<\/p>    <\/div>\n<\/div>\n<!-- \/module text --><!-- module text -->\n<div  class=\"module module-text tb_1mjp250  repeat \" data-lazy=\"1\">\n        <div  class=\"tb_text_wrap\">\n    <p style=\"text-align: center;\">Eine Anmeldung ist nicht mehr m\u00f6glich.<\/p>    <\/div>\n<\/div>\n<!-- \/module text -->\t        <\/div>\n\t    \t<\/div>\n\t\t<div  data-lazy=\"1\" style=\"width: 21.8%\" class=\"module_column tb-column col4-1 last tb_udap21 tf_box\">\n\t\t\t    \t        <div class=\"tb-column-inner tf_box tf_w\">\n\t\t    <!-- module text -->\n<div  class=\"module module-text tb_4l5a0  repeat \" data-lazy=\"1\">\n        <div  class=\"tb_text_wrap\">\n    <p style=\"text-align: center;\"><em><strong>Organisation: <br \/><\/strong><\/em><strong>G\u00fcnther Wolfswinkler<\/strong>, <br \/>Dr., Zentrum f\u00fcr Lehrerbildung der Universit\u00e4t Duisburg-Essen, Koordinator des Projekts \u201eProfessionalisierung f\u00fcr Vielfalt\u201c (ProViel) im Rahmen der Qualit\u00e4tsoffensive Lehrerbildung von Bund und L\u00e4ndern.<\/p>\n<p style=\"text-align: center;\">Anschrift: <br \/>Universit\u00e4t Duisburg-Essen,<br \/>Universit\u00e4tsstr. 15, <br \/>45141 Essen<\/p>    <\/div>\n<\/div>\n<!-- \/module text -->\t        <\/div>\n\t    \t<\/div>\n\t\t    <\/div>\n\t    <!-- \/row_inner -->\n\t<\/div>\n\t<!-- \/module_row -->\n\t<\/div>\n<!--\/themify_builder_content-->","protected":false},"excerpt":{"rendered":"<p>Die Veranstaltung hat bereits stattgefunden. Die Thementische wurden durchgef\u00fchrt und sind erfolgreich beendet worden. Eine Teilnahme ist nicht mehr m\u00f6glich.\u00a0 Mehrebenenprojekte von Anfang an? Herausforderungen der phasen- und disziplinen\u00fcbergreifenden Abstimmung Das Verbundprojekt \u201eCommunities of Practice NRW &#8211; f\u00fcr eine Innovative Lehrerbildung\u201c (ComeIn) umfasst alle zw\u00f6lf lehrerbildenden Hochschulen des Landes Nordrhein-Westfalen und kooperiert mit den \u00f6ffentlichen [&hellip;]<\/p>\n","protected":false},"author":16,"featured_media":0,"parent":16847,"menu_order":0,"comment_status":"closed","ping_status":"closed","template":"","meta":{"es_repo_domain":"https:\/\/redaktion.openeduhub.net\/edu-sharing\/","es_repo_ticket":"","es_plugin_url":"https:\/\/comein.nrw\/portal\/wp-content\/plugins","footnotes":""},"class_list":["post-2776","page","type-page","status-publish","hentry","has-post-title","has-post-date","has-post-category","has-post-tag","has-post-comment","has-post-author",""],"builder_content":"<p style=\"text-align: center;\">Die Veranstaltung hat bereits stattgefunden. Die Thementische wurden durchgef\u00fchrt und sind erfolgreich beendet worden. Eine Teilnahme ist nicht mehr m\u00f6glich.\u00a0<\/p>\n<h1>Mehrebenenprojekte von Anfang an?<\/h1> <p>Herausforderungen der phasen- und disziplinen\u00fcbergreifenden Abstimmung<\/p> <p>Das Verbundprojekt \u201eCommunities of Practice NRW - f\u00fcr eine Innovative Lehrerbildung\u201c (Com<sup>e<\/sup>In) umfasst <em>alle<\/em> zw\u00f6lf lehrerbildenden Hochschulen des Landes Nordrhein-Westfalen und kooperiert mit den \u00f6ffentlichen Institutionen der Lehreraus- und -fortbildung. Ziel ist die F\u00f6rderung digitalisierungsbezogener Kompetenzen <em>in allen drei Phasen<\/em> der Lehrerbildung. Ergebnisse des 2020 gestarteten Projektes liegen noch nicht vor, aber die Verbundarchitektur greift allgemeine Herausforderungen f\u00fcr QLb-Projekte f\u00fcr Dialog, Kommunikation, Vernetzung und Kooperation auf.\u00a0<\/p> <p>Diese werden nach einer gemeinsamen Einf\u00fchrung an f\u00fcnf \u201edigitalen\u201c Thementischen er\u00f6rtert:<\/p> <ol> <li>Das Mapping von divergenten <a href=\"https:\/\/comein.nrw\/portal\/orientierungsrahmen-in-komplexen-mehrebensystemen\/\">Orientierungsrahmen in komplexen Mehrebenensystemen<\/a> <br>(<strong>Dr. David Tobinski<\/strong>, Universit\u00e4t Duisburg Essen, AG-Imedibi des Projektes Com<sup>e<\/sup>in)<\/li> <li>Zwischen Lerngemeinschaften und Informationsaustausch: <a href=\"https:\/\/comein.nrw\/portal\/vernetzung\/\">Vernetzung<\/a> zwischen Hochschulen, Landesministerien und weiteren Aus-und Fortbildungsinstitutionen <br>(<strong>Prof. Dr. Bardo Herzig <\/strong>Universit\u00e4t Paderborn, AG-KoWiPra des Projektes Com<sup>e<\/sup>in)<\/li> <li>Verkn\u00fcpfung von QLB-Projekten mit \u00fcbergreifenden <a href=\"https:\/\/comein.nrw\/portal\/strategien-der-hochschulentwicklung\/\">Strategien der Hochschulentwicklung<\/a> am Beispiel der Digitalisierungsstrategien (<strong>Dr. Simon G\u00f6rtz<\/strong>, Universit\u00e4t Wuppertal, AG-KoWiPra des Projektes Com<sup>e<\/sup>in)<\/li> <li>Innovative Lehrer*innenbildung in einem Mehrebenensystem entwickeln \u2013 Ein erster Einblick in die Arbeit der Community of Practice <a href=\"https:\/\/comein.nrw\/portal\/medienbezogene-schulentwicklung\/\">Medienbezogene Schulentwicklung<\/a> (<strong>Johanna Schulze<\/strong>, Universit\u00e4t Paderborn, Community of Practice des Projektes Com<sup>e<\/sup>in)<\/li> <li><a href=\"https:\/\/comein.nrw\/portal\/qualitaetsmanagement-in-komplexen-mehrebenensystemen\/\">Qualit\u00e4tsmanagement in komplexen Mehrebenensystemen<\/a>\u00a0 mit sukzessive erweiterten Zielhorizonten (<strong>Prof. Dr. Heike Buhl<\/strong>, Universit\u00e4t Paderborn, Qualit\u00e4tsmanagement des Projektes Com<sup>e<\/sup>in)<\/li> <\/ol> <p>Im Anschluss werden Ma\u00dfnahmen er\u00f6rtert, wie die Beteiligten im Rahmen der QLB im fortlaufenden Austausch \u00fcber diese Fragen bleiben k\u00f6nnten. Die Einf\u00fchrungs- und Abschlussrunde erfolgt unter Beteiligung von <strong>Ulrich Janzen<\/strong>, Qualit\u00e4ts- und Unterst\u00fctzungsAgentur \u2013 Landesinstitut f\u00fcr Schule (QUA-LiS); <strong>MR Bernd M\u00fcller<\/strong>, Lehrerfortbildung und Qualifizierung im Schulwesen im Ministerium f\u00fcr Schule und Bildung des Landes Nordrhein-Westfalen; <strong>Ingo Schaub<\/strong>, Direktor des Zentrums f\u00fcr schulpraktische Lehrerausbildung K\u00f6ln.<\/p>\n<p style=\"text-align: center;\">Eine Anmeldung ist nicht mehr m\u00f6glich.<\/p>\n<p style=\"text-align: center;\"><em><strong>Organisation: <br \/><\/strong><\/em><strong>G\u00fcnther Wolfswinkler<\/strong>, <br \/>Dr., Zentrum f\u00fcr Lehrerbildung der Universit\u00e4t Duisburg-Essen, Koordinator des Projekts \u201eProfessionalisierung f\u00fcr Vielfalt\u201c (ProViel) im Rahmen der Qualit\u00e4tsoffensive Lehrerbildung von Bund und L\u00e4ndern.<\/p> <p style=\"text-align: center;\">Anschrift: <br \/>Universit\u00e4t Duisburg-Essen,<br \/>Universit\u00e4tsstr. 15, <br \/>45141 Essen<\/p>","_links":{"self":[{"href":"https:\/\/comein.nrw\/portal\/wp-json\/wp\/v2\/pages\/2776","targetHints":{"allow":["GET"]}}],"collection":[{"href":"https:\/\/comein.nrw\/portal\/wp-json\/wp\/v2\/pages"}],"about":[{"href":"https:\/\/comein.nrw\/portal\/wp-json\/wp\/v2\/types\/page"}],"author":[{"embeddable":true,"href":"https:\/\/comein.nrw\/portal\/wp-json\/wp\/v2\/users\/16"}],"replies":[{"embeddable":true,"href":"https:\/\/comein.nrw\/portal\/wp-json\/wp\/v2\/comments?post=2776"}],"version-history":[{"count":48,"href":"https:\/\/comein.nrw\/portal\/wp-json\/wp\/v2\/pages\/2776\/revisions"}],"predecessor-version":[{"id":19534,"href":"https:\/\/comein.nrw\/portal\/wp-json\/wp\/v2\/pages\/2776\/revisions\/19534"}],"up":[{"embeddable":true,"href":"https:\/\/comein.nrw\/portal\/wp-json\/wp\/v2\/pages\/16847"}],"wp:attachment":[{"href":"https:\/\/comein.nrw\/portal\/wp-json\/wp\/v2\/media?parent=2776"}],"curies":[{"name":"wp","href":"https:\/\/api.w.org\/{rel}","templated":true}]}}